{"id":7571,"date":"2019-11-13T23:48:52","date_gmt":"2019-11-13T22:48:52","guid":{"rendered":"http:\/\/www.protoxtype.com\/prodotto\/trench-in-seta-con-cappuccio-2\/"},"modified":"2024-02-09T09:39:38","modified_gmt":"2024-02-09T08:39:38","slug":"trenchcoat-herren-aus-seide-mit-kapuze","status":"publish","type":"product","link":"https:\/\/www.protoxtype.com\/de\/trenchcoat-herren-aus-seide-mit-kapuze\/","title":{"rendered":"Trenchcoat Herren aus Seide mit Kapuze"},"content":{"rendered":"<h2>Trenchcoat Herren aus Seide mit Kapuze<\/h2>\n<p>Dieser Trenchcoat Herren aus Seide mit Kapuze schenkt Ihnen auch an den feuchtesten Tagen einen eleganten Look. Die Seidenbeschichtung macht dieses Kleidungsst\u00fcck nicht nur extrem leicht, sondern auch wasserdicht, winddicht und atmungsaktiv. Seine hohe Leistung wird verbessert, wenn das Kleidungsst\u00fcck mit der (unter dem Trenchcoat zu tragenden) ProtoXtype Federjacke gepaart ist, was eine Best\u00e4ndigkeit gegen Wasser und K\u00e4lte bis zu -20 Grad Celsius gew\u00e4hrleistet. <a href=\"https:\/\/www.protoxtype.com\/de\/die-aermellose-daunenjacke-ein-unverzichtbares-kleidungsstueck\/\">Die scharfe Designanalyse beim Kleidungsst\u00fcck<\/a> sorgt f\u00fcr hohe Anpassungsf\u00e4higkeit und Praktikabilit\u00e4t, die sich von der gro\u00dfen abnehmbaren Kapuze mit dem verstellbaren winddichten Kragen bis hin zu den 2 wasserdichten Au\u00dfentaschen, den 4 gro\u00dfen Innentaschen und dem Hohlraum f\u00fcr die Ohrh\u00f6rer erstreckt. Dar\u00fcber hinaus wurde dieses Kleidungsst\u00fcck auf dreidimensionalen Modellen gebaut, um maximale Bewegungsfreiheit zu gew\u00e4hrleisten.<\/p>\n<p>Das Model tr\u00e4gt Gr\u00f6\u00dfe M<\/p>\n<p>&#8212;-<\/p>\n<p>100% Seide<\/p>\n","protected":false},"excerpt":{"rendered":"<p>Trenchcoat Herren aus Seide mit Kapuze Dieser Trenchcoat Herren aus Seide mit Kapuze schenkt Ihnen auch an den feuchtesten Tagen einen eleganten Look. Die Seidenbeschichtung macht dieses Kleidungsst\u00fcck nicht nur extrem leicht, sondern auch wasserdicht, winddicht und atmungsaktiv. Seine hohe Leistung wird verbessert, wenn das Kleidungsst\u00fcck mit der (unter dem Trenchcoat zu tragenden) ProtoXtype Federjacke [&hellip;]<\/p>\n","protected":false},"featured_media":5560,"template":"","meta":{"_acf_changed":false},"product_brand":[],"product_cat":[591,592,224,671,672,675,572],"product_tag":[],"class_list":{"0":"post-7571","1":"product","2":"type-product","3":"status-publish","4":"has-post-thumbnail","6":"product_cat-als-beweis","7":"product_cat-ankundigungen","8":"product_cat-jacken-mann","9":"product_cat-herrenbekleidung-aus-naturfasern","10":"product_cat-herrenjacken-aus-naturfasern","11":"product_cat-outdoor-bekleidung-herren","12":"product_cat-seidenkleidung-mann","13":"pa_colore-sand-de","14":"pa_colore-schwarz","15":"pa_taglia-l-de","16":"pa_taglia-m-de","17":"pa_taglia-s-de","18":"pa_taglia-xl-de","19":"pa_taglia-xxl-de","20":"pa_taglia-xxxl-de","22":"first","23":"onbackorder","24":"shipping-taxable","25":"purchasable","26":"product-type-variable","27":"has-default-attributes"},"acf":[],"_links":{"self":[{"href":"https:\/\/www.protoxtype.com\/de\/wp-json\/wp\/v2\/product\/7571","targetHints":{"allow":["GET"]}}],"collection":[{"href":"https:\/\/www.protoxtype.com\/de\/wp-json\/wp\/v2\/product"}],"about":[{"href":"https:\/\/www.protoxtype.com\/de\/wp-json\/wp\/v2\/types\/product"}],"version-history":[{"count":0,"href":"https:\/\/www.protoxtype.com\/de\/wp-json\/wp\/v2\/product\/7571\/revisions"}],"wp:featuredmedia":[{"embeddable":true,"href":"https:\/\/www.protoxtype.com\/de\/wp-json\/wp\/v2\/media\/5560"}],"wp:attachment":[{"href":"https:\/\/www.protoxtype.com\/de\/wp-json\/wp\/v2\/media?parent=7571"}],"wp:term":[{"taxonomy":"product_brand","embeddable":true,"href":"https:\/\/www.protoxtype.com\/de\/wp-json\/wp\/v2\/product_brand?post=7571"},{"taxonomy":"product_cat","embeddable":true,"href":"https:\/\/www.protoxtype.com\/de\/wp-json\/wp\/v2\/product_cat?post=7571"},{"taxonomy":"product_tag","embeddable":true,"href":"https:\/\/www.protoxtype.com\/de\/wp-json\/wp\/v2\/product_tag?post=7571"}],"curies":[{"name":"wp","href":"https:\/\/api.w.org\/{rel}","templated":true}]}}